{"id":41120,"date":"2024-03-19T10:43:39","date_gmt":"2024-03-19T09:43:39","guid":{"rendered":"https:\/\/www.sec.mk\/?page_id=41120"},"modified":"2024-10-08T16:01:41","modified_gmt":"2024-10-08T14:01:41","slug":"abdush-demiri-anetar","status":"publish","type":"page","link":"https:\/\/www.sec.mk\/sq\/abdush-demiri-anetar\/","title":{"rendered":"Abdush Demiri \u2013 N\u00ebnkryetare e KSHZ-s\u00eb"},"content":{"rendered":"<div id='av_section_1'  class='avia-section main_color avia-section-large avia-no-border-styling  avia-bg-style-scroll  avia-builder-el-0  avia-builder-el-no-sibling  cv-subheading  container_wrap fullsize' style=' '  ><div class='container' ><main  role=\"main\" itemprop=\"mainContentOfPage\"  class='template-page content  av-content-full alpha units'><div class='post-entry post-entry-type-page post-entry-41120'><div class='entry-content-wrapper clearfix'>\n<div class='flex_column_table av-equal-height-column-flextable -flextable' style='margin-top:0px; margin-bottom:0px; '><div class=\"flex_column av_one_fifth  no_margin flex_column_table_cell av-equal-height-column av-align-middle first  avia-builder-el-1  el_before_av_one_fourth  avia-builder-el-first  \" style='padding:0px 20px 0px 0px ; border-radius:0px; '><div  class='avia-image-container  av-styling-no-styling    avia-builder-el-2  avia-builder-el-no-sibling  avia-align-center '  itemprop=\"image\" itemscope=\"itemscope\" itemtype=\"https:\/\/schema.org\/ImageObject\"  ><div class='avia-image-container-inner'><div class='avia-image-overlay-wrap'><a href=\"https:\/\/www.sec.mk\/wp-content\/uploads\/2024\/03\/Abdush-Demiri-2.jpg\" data-srcset=\"https:\/\/www.sec.mk\/wp-content\/uploads\/2024\/03\/Abdush-Demiri-2.jpg 240w, https:\/\/www.sec.mk\/wp-content\/uploads\/2024\/03\/Abdush-Demiri-2-80x80.jpg 80w, https:\/\/www.sec.mk\/wp-content\/uploads\/2024\/03\/Abdush-Demiri-2-36x36.jpg 36w, https:\/\/www.sec.mk\/wp-content\/uploads\/2024\/03\/Abdush-Demiri-2-180x180.jpg 180w\" data-sizes=\"(max-width: 240px) 100vw, 240px\" class='avia_image' ><img decoding=\"async\" width=\"240\" height=\"240\" class='wp-image-41152 avia-img-lazy-loading-not-41152 avia_image' src=\"https:\/\/www.sec.mk\/wp-content\/uploads\/2024\/03\/Abdush-Demiri-2.jpg\" alt='' title='Abdush Demiri 2'  itemprop=\"thumbnailUrl\" srcset=\"https:\/\/www.sec.mk\/wp-content\/uploads\/2024\/03\/Abdush-Demiri-2.jpg 240w, https:\/\/www.sec.mk\/wp-content\/uploads\/2024\/03\/Abdush-Demiri-2-80x80.jpg 80w, https:\/\/www.sec.mk\/wp-content\/uploads\/2024\/03\/Abdush-Demiri-2-36x36.jpg 36w, https:\/\/www.sec.mk\/wp-content\/uploads\/2024\/03\/Abdush-Demiri-2-180x180.jpg 180w\" sizes=\"(max-width: 240px) 100vw, 240px\" \/><\/a><\/div><\/div><\/div><\/div><div class=\"flex_column av_one_fourth  no_margin flex_column_table_cell av-equal-height-column av-align-middle   avia-builder-el-3  el_after_av_one_fifth  el_before_av_one_fifth  \" style='padding:0px 20px 0px 0px ; border-radius:0px; '><div  style='padding-bottom:0px; font-size:40px;' class='av-special-heading av-special-heading-h1  blockquote modern-quote  avia-builder-el-4  avia-builder-el-no-sibling  av-inherit-size '><h1 class='av-special-heading-tag '  itemprop=\"headline\"  >Abdush Demiri<\/h1><div class ='av-subheading av-subheading_below  ' style='font-size:18px;'><p>N\u00ebnkryetar i Komisionit Shtet\u00ebror Zgjedhor<\/p>\n<\/div><div class='special-heading-border'><div class='special-heading-inner-border' ><\/div><\/div><\/div><\/div><div class=\"flex_column av_one_fifth  no_margin flex_column_table_cell av-equal-height-column av-align-middle av-zero-column-padding   avia-builder-el-5  el_after_av_one_fourth  el_before_av_hr  \" style='border-radius:0px; '><section class=\"av_textblock_section \"  itemscope=\"itemscope\" itemtype=\"https:\/\/schema.org\/CreativeWork\" ><div class='avia_textblock  '  style='font-size:13px; '  itemprop=\"text\" ><p><strong>Dat\u00eblindja:<\/strong> 26.02.1981<\/p>\n<p><strong>Statusi martesor:<\/strong> I martuar, baba i tre f\u00ebmij\u00ebve<\/p>\n<p><strong>Komb\u00ebsia<\/strong>: Shqiptar<\/p>\n<p><strong>E-mail:<\/strong> abdush.demiri@sec.mk<\/p>\n<\/div><\/section><\/div><\/div><!--close column table wrapper. Autoclose: 1 --><div  style=' margin-top:10px; margin-bottom:10px;'  class='hr hr-custom hr-center hr-icon-no   avia-builder-el-7  el_after_av_one_fifth  el_before_av_one_fourth '><span class='hr-inner  inner-border-av-border-thin' style=' width:100%;' ><span class='hr-inner-style'><\/span><\/span><\/div>\n<div class=\"flex_column av_one_fourth  flex_column_div av-zero-column-padding first  avia-builder-el-8  el_after_av_hr  el_before_av_two_third  \" style='border-radius:0px; '><p><div  style='height:1px; margin-top:-28px'  class='hr hr-invisible   avia-builder-el-9  el_before_av_heading  avia-builder-el-first '><span class='hr-inner ' ><span class='hr-inner-style'><\/span><\/span><\/div><br \/>\n<div  style='padding-bottom:0px; ' class='av-special-heading av-special-heading-h2  blockquote modern-quote modern-centered  avia-builder-el-10  el_after_av_hr  el_before_av_hr  '><h2 class='av-special-heading-tag '  itemprop=\"headline\"  >Arsimi<\/h2><div class='special-heading-border'><div class='special-heading-inner-border' ><\/div><\/div><\/div><br \/>\n<div  style=' margin-top:10px; margin-bottom:20px;'  class='hr hr-custom hr-center hr-icon-no  av-desktop-hide  avia-builder-el-11  el_after_av_heading  avia-builder-el-last '><span class='hr-inner  inner-border-av-border-fat' style=' width:50px;' ><span class='hr-inner-style'><\/span><\/span><\/div><\/p><\/div><div class=\"flex_column av_two_third  av-animated-generic fade-in  flex_column_div av-zero-column-padding   avia-builder-el-12  el_after_av_one_fourth  el_before_av_hr  \" style='border-radius:0px; '><p><div  style='padding-bottom:0px; ' class='av-special-heading av-special-heading-h3  blockquote modern-quote  avia-builder-el-13  el_before_av_textblock  avia-builder-el-first  '><div class ='av-subheading av-subheading_above  ' style='font-size:15px;'><p>1999 \u2013 2004<\/p>\n<\/div><h3 class='av-special-heading-tag '  itemprop=\"headline\"  >Fakulteti I Ekonomis\u00eb, Financa <\/h3><div class='special-heading-border'><div class='special-heading-inner-border' ><\/div><\/div><\/div><br \/>\n<section class=\"av_textblock_section \"  itemscope=\"itemscope\" itemtype=\"https:\/\/schema.org\/CreativeWork\" ><div class='avia_textblock  '   itemprop=\"text\" ><p>Universiteti Shtet\u00ebror i Tetov\u00ebs, Tetov\u00eb<\/p>\n<\/div><\/section><br \/>\n<div  style=' margin-top:10px; margin-bottom:20px;'  class='hr hr-custom hr-left hr-icon-no   avia-builder-el-15  el_after_av_textblock  el_before_av_heading '><span class='hr-inner  inner-border-av-border-fat' style=' width:50px;' ><span class='hr-inner-style'><\/span><\/span><\/div><br \/>\n<div  style='padding-bottom:0px; ' class='av-special-heading av-special-heading-h3  blockquote modern-quote  avia-builder-el-16  el_after_av_hr  el_before_av_textblock  '><div class ='av-subheading av-subheading_above  ' style='font-size:15px;'><p>2021<\/p>\n<\/div><h3 class='av-special-heading-tag '  itemprop=\"headline\"  >Magjist\u00ebr i Financave <\/h3><div class='special-heading-border'><div class='special-heading-inner-border' ><\/div><\/div><\/div><br \/>\n<section class=\"av_textblock_section \"  itemscope=\"itemscope\" itemtype=\"https:\/\/schema.org\/CreativeWork\" ><div class='avia_textblock  '   itemprop=\"text\" ><p>Universiteti i Evrop\u00ebs Juglindore, Tetov\u00eb<\/p>\n<\/div><\/section><\/p><\/div><div  style=' margin-top:10px; margin-bottom:10px;'  class='hr hr-custom hr-center hr-icon-no   avia-builder-el-18  el_after_av_two_third  el_before_av_one_fourth '><span class='hr-inner  inner-border-av-border-thin' style=' width:100%;' ><span class='hr-inner-style'><\/span><\/span><\/div>\n<div class=\"flex_column av_one_fourth  flex_column_div av-zero-column-padding first  avia-builder-el-19  el_after_av_hr  el_before_av_two_third  \" style='border-radius:0px; '><p><div  style='height:1px; margin-top:-28px'  class='hr hr-invisible   avia-builder-el-20  el_before_av_heading  avia-builder-el-first '><span class='hr-inner ' ><span class='hr-inner-style'><\/span><\/span><\/div><br \/>\n<div  style='padding-bottom:0px; ' class='av-special-heading av-special-heading-h2  blockquote modern-quote modern-centered  avia-builder-el-21  el_after_av_hr  el_before_av_hr  '><h2 class='av-special-heading-tag '  itemprop=\"headline\"  >P\u00ebrvoj\u00eb pune<\/h2><div class='special-heading-border'><div class='special-heading-inner-border' ><\/div><\/div><\/div><br \/>\n<div  style=' margin-top:10px; margin-bottom:20px;'  class='hr hr-custom hr-center hr-icon-no  av-desktop-hide  avia-builder-el-22  el_after_av_heading  avia-builder-el-last '><span class='hr-inner  inner-border-av-border-fat' style=' width:50px;' ><span class='hr-inner-style'><\/span><\/span><\/div><\/p><\/div><div class=\"flex_column av_two_third  av-animated-generic fade-in  flex_column_div av-zero-column-padding   avia-builder-el-23  el_after_av_one_fourth  el_before_av_hr  \" style='border-radius:0px; '><p><div  style='padding-bottom:0px; ' class='av-special-heading av-special-heading-h3  blockquote modern-quote  avia-builder-el-24  el_before_av_hr  avia-builder-el-first  '><div class ='av-subheading av-subheading_above  ' style='font-size:15px;'><p>1 Shtator 2005 \u2013 31 Janar 2008<\/p>\n<\/div><h3 class='av-special-heading-tag '  itemprop=\"headline\"  >P\u00ebrgjegj\u00ebs i kontabilitetit n\u00eb Kompanin\u00eb MOTO-PETROL Tearc\u00eb<\/h3><div class='special-heading-border'><div class='special-heading-inner-border' ><\/div><\/div><\/div><br \/>\n<div  style=' margin-top:10px; margin-bottom:20px;'  class='hr hr-custom hr-left hr-icon-no   avia-builder-el-25  el_after_av_heading  el_before_av_heading '><span class='hr-inner  inner-border-av-border-fat' style=' width:50px;' ><span class='hr-inner-style'><\/span><\/span><\/div><br \/>\n<div  style='padding-bottom:0px; ' class='av-special-heading av-special-heading-h3  blockquote modern-quote  avia-builder-el-26  el_after_av_hr  el_before_av_hr  '><div class ='av-subheading av-subheading_above  ' style='font-size:15px;'><p>11 Shkurt 2008 \u2013 04 N\u00ebntor 2009<\/p>\n<\/div><h3 class='av-special-heading-tag '  itemprop=\"headline\"  >P\u00ebrgjegj\u00ebs i kontabilitetit n\u00eb Kompanin\u00eb NETAM CERAMICS Tetov\u00eb<\/h3><div class='special-heading-border'><div class='special-heading-inner-border' ><\/div><\/div><\/div><br \/>\n<div  style=' margin-top:10px; margin-bottom:20px;'  class='hr hr-custom hr-left hr-icon-no   avia-builder-el-27  el_after_av_heading  el_before_av_heading '><span class='hr-inner  inner-border-av-border-fat' style=' width:50px;' ><span class='hr-inner-style'><\/span><\/span><\/div><br \/>\n<div  style='padding-bottom:0px; ' class='av-special-heading av-special-heading-h3  blockquote modern-quote  avia-builder-el-28  el_after_av_hr  el_before_av_heading  '><div class ='av-subheading av-subheading_above  ' style='font-size:15px;'><p>03 N\u00ebntor 2012 \u2013 29 Shkurt 2016<\/p>\n<\/div><h3 class='av-special-heading-tag '  itemprop=\"headline\"  >P\u00ebrgjegj\u00ebs i kontabilitetit n\u00eb Kompanin\u00eb e Kontabilitetit REKONT-PLUS Tetov\u00eb<\/h3><div class='special-heading-border'><div class='special-heading-inner-border' ><\/div><\/div><\/div><br \/>\n<div  style='padding-bottom:0px; ' class='av-special-heading av-special-heading-h3  blockquote modern-quote  avia-builder-el-29  el_after_av_heading  el_before_av_heading  '><div class ='av-subheading av-subheading_above  ' style='font-size:15px;'><p>02 Mars 2016 \u2013 30 Prill 2018<\/p>\n<\/div><h3 class='av-special-heading-tag '  itemprop=\"headline\"  >Drejtor i Kontabilitetit dhe financave t\u00eb partis\u00eb L\u00ebvizja BESA <\/h3><div class='special-heading-border'><div class='special-heading-inner-border' ><\/div><\/div><\/div><br \/>\n<div  style='padding-bottom:0px; ' class='av-special-heading av-special-heading-h3  blockquote modern-quote  avia-builder-el-30  el_after_av_heading  el_before_av_heading  '><div class ='av-subheading av-subheading_above  ' style='font-size:15px;'><p>03 Prill 2018 \u2013 22 Tetor 2020<\/p>\n<\/div><h3 class='av-special-heading-tag '  itemprop=\"headline\"  >Drejtor i Qendr\u00ebs Analitike Hulumtuese BESA<\/h3><div class='special-heading-border'><div class='special-heading-inner-border' ><\/div><\/div><\/div><br \/>\n<div  style='padding-bottom:0px; ' class='av-special-heading av-special-heading-h3  blockquote modern-quote  avia-builder-el-31  el_after_av_heading  el_before_av_heading  '><div class ='av-subheading av-subheading_above  ' style='font-size:15px;'><p>23 Tetor 2020 \u2013 09 Dhjetor 2021<\/p>\n<\/div><h3 class='av-special-heading-tag '  itemprop=\"headline\"  >Drejtor i Agjencis\u00eb s\u00eb Pun\u00ebsimit t\u00eb Republik\u00ebs s\u00eb Maqedonis\u00eb s\u00eb Veriut<\/h3><div class='special-heading-border'><div class='special-heading-inner-border' ><\/div><\/div><\/div><br \/>\n<div  style='padding-bottom:0px; ' class='av-special-heading av-special-heading-h3  blockquote modern-quote  avia-builder-el-32  el_after_av_heading  el_before_av_heading  '><div class ='av-subheading av-subheading_above  ' style='font-size:15px;'><p>17 N\u00ebntor 2022 \u2013 01 N\u00ebntor 2023<\/p>\n<\/div><h3 class='av-special-heading-tag '  itemprop=\"headline\"  >Sekretar gjeneral n\u00eb L\u00ebvizjen BESA<\/h3><div class='special-heading-border'><div class='special-heading-inner-border' ><\/div><\/div><\/div><br \/>\n<div  style='padding-bottom:0px; ' class='av-special-heading av-special-heading-h3  blockquote modern-quote  avia-builder-el-33  el_after_av_heading  el_before_av_hr  '><div class ='av-subheading av-subheading_above  ' style='font-size:15px;'><p>7 Dhjetor 2023 \u201327 Shkurt 2024<\/p>\n<\/div><h3 class='av-special-heading-tag '  itemprop=\"headline\"  >Menaxher n\u00eb kompanin\u00eb  TRE FRESH DOOEL Tetov\u00eb<\/h3><div class='special-heading-border'><div class='special-heading-inner-border' ><\/div><\/div><\/div><br \/>\n<div  style=' margin-top:10px; margin-bottom:20px;'  class='hr hr-custom hr-left hr-icon-no   avia-builder-el-34  el_after_av_heading  el_before_av_heading '><span class='hr-inner  inner-border-av-border-fat' style=' width:50px;' ><span class='hr-inner-style'><\/span><\/span><\/div><br \/>\n<div  style='padding-bottom:0px; ' class='av-special-heading av-special-heading-h3  blockquote modern-quote  avia-builder-el-35  el_after_av_hr  el_before_av_heading  '><div class ='av-subheading av-subheading_above  ' style='font-size:15px;'><p>28 Shkurt 2024 &#8211; 01 tetor 2024<\/p>\n<\/div><h3 class='av-special-heading-tag '  itemprop=\"headline\"  >Antar\u00eb i Komisionit Shtet\u00ebror Zgjedhor<\/h3><div class='special-heading-border'><div class='special-heading-inner-border' ><\/div><\/div><\/div><br \/>\n<div  style='padding-bottom:0px; ' class='av-special-heading av-special-heading-h3  blockquote modern-quote  avia-builder-el-36  el_after_av_heading  avia-builder-el-last  '><div class ='av-subheading av-subheading_above  ' style='font-size:15px;'><p>02 tetor 2024<\/p>\n<\/div><h3 class='av-special-heading-tag '  itemprop=\"headline\"  >N\u00ebnkryetar i Komisionit Shtet\u00ebror Zgjedhor<\/h3><div class='special-heading-border'><div class='special-heading-inner-border' ><\/div><\/div><\/div><\/p><\/div><div  style=' margin-top:10px; margin-bottom:10px;'  class='hr hr-custom hr-center hr-icon-no   avia-builder-el-37  el_after_av_two_third  el_before_av_one_fourth '><span class='hr-inner  inner-border-av-border-thin' style=' width:100%;' ><span class='hr-inner-style'><\/span><\/span><\/div>\n<div class=\"flex_column av_one_fourth  flex_column_div av-zero-column-padding first  avia-builder-el-38  el_after_av_hr  el_before_av_two_third  \" style='border-radius:0px; '><p><div  style='height:1px; margin-top:-32px'  class='hr hr-invisible   avia-builder-el-39  el_before_av_heading  avia-builder-el-first '><span class='hr-inner ' ><span class='hr-inner-style'><\/span><\/span><\/div><br \/>\n<div  style='padding-bottom:0px; ' class='av-special-heading av-special-heading-h2  blockquote modern-quote modern-centered  avia-builder-el-40  el_after_av_hr  el_before_av_hr  '><h2 class='av-special-heading-tag '  itemprop=\"headline\"  >N\u0458ohja e gjuh\u00ebve<\/h2><div class='special-heading-border'><div class='special-heading-inner-border' ><\/div><\/div><\/div><br \/>\n<div  style=' margin-top:10px; margin-bottom:20px;'  class='hr hr-custom hr-center hr-icon-no  av-desktop-hide  avia-builder-el-41  el_after_av_heading  avia-builder-el-last '><span class='hr-inner  inner-border-av-border-fat' style=' width:50px;' ><span class='hr-inner-style'><\/span><\/span><\/div><\/p><\/div><div class=\"flex_column av_two_third  av-animated-generic fade-in  flex_column_div av-zero-column-padding   avia-builder-el-42  el_after_av_one_fourth  avia-builder-el-last  \" style='border-radius:0px; '><p><div  style='padding-bottom:0px; ' class='av-special-heading av-special-heading-h3  blockquote modern-quote  avia-builder-el-43  el_before_av_hr  avia-builder-el-first  '><div class ='av-subheading av-subheading_above  ' style='font-size:15px;'><p>Gjuh\u00eb amtare<\/p>\n<\/div><h3 class='av-special-heading-tag '  itemprop=\"headline\"  >Shqip<\/h3><div class='special-heading-border'><div class='special-heading-inner-border' ><\/div><\/div><\/div><br \/>\n<div  style=' margin-top:10px; margin-bottom:20px;'  class='hr hr-custom hr-left hr-icon-no   avia-builder-el-44  el_after_av_heading  el_before_av_heading '><span class='hr-inner  inner-border-av-border-fat' style=' width:50px;' ><span class='hr-inner-style'><\/span><\/span><\/div><br \/>\n<div  style='padding-bottom:0px; ' class='av-special-heading av-special-heading-h3  blockquote modern-quote  avia-builder-el-45  el_after_av_hr  avia-builder-el-last  '><div class ='av-subheading av-subheading_above  ' style='font-size:15px;'><p>Gjuh\u00eb t\u00eb tjera<\/p>\n<\/div><h3 class='av-special-heading-tag '  itemprop=\"headline\"  >Maqedonisht,  Anglisht<\/h3><div class='special-heading-border'><div class='special-heading-inner-border' ><\/div><\/div><\/div><\/p><\/div>\n","protected":false},"excerpt":{"rendered":"","protected":false},"author":3,"featured_media":0,"parent":0,"menu_order":0,"comment_status":"closed","ping_status":"closed","template":"","meta":{"footnotes":""},"class_list":["post-41120","page","type-page","status-publish","hentry"],"yoast_head":"<!-- This site is optimized with the Yoast SEO plugin v26.2 - https:\/\/yoast.com\/wordpress\/plugins\/seo\/ -->\n<title>Abdush Demiri \u2013 N\u00ebnkryetare e KSHZ-s\u00eb - Komisioni Shtet\u00ebror i Zgjedhjeve<\/title>\n<meta name=\"robots\" content=\"index, follow, max-snippet:-1, max-image-preview:large, max-video-preview:-1\" \/>\n<link rel=\"canonical\" href=\"https:\/\/www.sec.mk\/sq\/abdush-demiri-anetar\/\" \/>\n<meta property=\"og:locale\" content=\"sq_AL\" \/>\n<meta property=\"og:type\" content=\"article\" \/>\n<meta property=\"og:title\" content=\"Abdush Demiri \u2013 N\u00ebnkryetare e KSHZ-s\u00eb - Komisioni Shtet\u00ebror i Zgjedhjeve\" \/>\n<meta property=\"og:url\" content=\"https:\/\/www.sec.mk\/sq\/abdush-demiri-anetar\/\" \/>\n<meta property=\"og:site_name\" content=\"Komisioni Shtet\u00ebror i Zgjedhjeve\" \/>\n<meta property=\"article:modified_time\" content=\"2024-10-08T14:01:41+00:00\" \/>\n<meta name=\"twitter:card\" content=\"summary_large_image\" \/>\n<meta name=\"twitter:label1\" content=\"Est. reading time\" \/>\n\t<meta name=\"twitter:data1\" content=\"7 minuta\" \/>\n<script type=\"application\/ld+json\" class=\"yoast-schema-graph\">{\"@context\":\"https:\/\/schema.org\",\"@graph\":[{\"@type\":\"WebPage\",\"@id\":\"https:\/\/www.sec.mk\/sq\/abdush-demiri-anetar\/\",\"url\":\"https:\/\/www.sec.mk\/sq\/abdush-demiri-anetar\/\",\"name\":\"Abdush Demiri \u2013 N\u00ebnkryetare e KSHZ-s\u00eb - Komisioni Shtet\u00ebror i Zgjedhjeve\",\"isPartOf\":{\"@id\":\"https:\/\/www.sec.mk\/#website\"},\"datePublished\":\"2024-03-19T09:43:39+00:00\",\"dateModified\":\"2024-10-08T14:01:41+00:00\",\"breadcrumb\":{\"@id\":\"https:\/\/www.sec.mk\/sq\/abdush-demiri-anetar\/#breadcrumb\"},\"inLanguage\":\"sq\",\"potentialAction\":[{\"@type\":\"ReadAction\",\"target\":[\"https:\/\/www.sec.mk\/sq\/abdush-demiri-anetar\/\"]}]},{\"@type\":\"BreadcrumbList\",\"@id\":\"https:\/\/www.sec.mk\/sq\/abdush-demiri-anetar\/#breadcrumb\",\"itemListElement\":[{\"@type\":\"ListItem\",\"position\":1,\"name\":\"Home\",\"item\":\"https:\/\/www.sec.mk\/sq\/home-alb\/\"},{\"@type\":\"ListItem\",\"position\":2,\"name\":\"Abdush Demiri \u2013 N\u00ebnkryetare e KSHZ-s\u00eb\"}]},{\"@type\":\"WebSite\",\"@id\":\"https:\/\/www.sec.mk\/#website\",\"url\":\"https:\/\/www.sec.mk\/\",\"name\":\"Komisioni Shtet\u00ebror i Zgjedhjeve\",\"description\":\"\",\"potentialAction\":[{\"@type\":\"SearchAction\",\"target\":{\"@type\":\"EntryPoint\",\"urlTemplate\":\"https:\/\/www.sec.mk\/?s={search_term_string}\"},\"query-input\":{\"@type\":\"PropertyValueSpecification\",\"valueRequired\":true,\"valueName\":\"search_term_string\"}}],\"inLanguage\":\"sq\"}]}<\/script>\n<!-- \/ Yoast SEO plugin. -->","yoast_head_json":{"title":"Abdush Demiri \u2013 N\u00ebnkryetare e KSHZ-s\u00eb - Komisioni Shtet\u00ebror i Zgjedhjeve","robots":{"index":"index","follow":"follow","max-snippet":"max-snippet:-1","max-image-preview":"max-image-preview:large","max-video-preview":"max-video-preview:-1"},"canonical":"https:\/\/www.sec.mk\/sq\/abdush-demiri-anetar\/","og_locale":"sq_AL","og_type":"article","og_title":"Abdush Demiri \u2013 N\u00ebnkryetare e KSHZ-s\u00eb - Komisioni Shtet\u00ebror i Zgjedhjeve","og_url":"https:\/\/www.sec.mk\/sq\/abdush-demiri-anetar\/","og_site_name":"Komisioni Shtet\u00ebror i Zgjedhjeve","article_modified_time":"2024-10-08T14:01:41+00:00","twitter_card":"summary_large_image","twitter_misc":{"Est. reading time":"7 minuta"},"schema":{"@context":"https:\/\/schema.org","@graph":[{"@type":"WebPage","@id":"https:\/\/www.sec.mk\/sq\/abdush-demiri-anetar\/","url":"https:\/\/www.sec.mk\/sq\/abdush-demiri-anetar\/","name":"Abdush Demiri \u2013 N\u00ebnkryetare e KSHZ-s\u00eb - Komisioni Shtet\u00ebror i Zgjedhjeve","isPartOf":{"@id":"https:\/\/www.sec.mk\/#website"},"datePublished":"2024-03-19T09:43:39+00:00","dateModified":"2024-10-08T14:01:41+00:00","breadcrumb":{"@id":"https:\/\/www.sec.mk\/sq\/abdush-demiri-anetar\/#breadcrumb"},"inLanguage":"sq","potentialAction":[{"@type":"ReadAction","target":["https:\/\/www.sec.mk\/sq\/abdush-demiri-anetar\/"]}]},{"@type":"BreadcrumbList","@id":"https:\/\/www.sec.mk\/sq\/abdush-demiri-anetar\/#breadcrumb","itemListElement":[{"@type":"ListItem","position":1,"name":"Home","item":"https:\/\/www.sec.mk\/sq\/home-alb\/"},{"@type":"ListItem","position":2,"name":"Abdush Demiri \u2013 N\u00ebnkryetare e KSHZ-s\u00eb"}]},{"@type":"WebSite","@id":"https:\/\/www.sec.mk\/#website","url":"https:\/\/www.sec.mk\/","name":"Komisioni Shtet\u00ebror i Zgjedhjeve","description":"","potentialAction":[{"@type":"SearchAction","target":{"@type":"EntryPoint","urlTemplate":"https:\/\/www.sec.mk\/?s={search_term_string}"},"query-input":{"@type":"PropertyValueSpecification","valueRequired":true,"valueName":"search_term_string"}}],"inLanguage":"sq"}]}},"_links":{"self":[{"href":"https:\/\/www.sec.mk\/sq\/wp-json\/wp\/v2\/pages\/41120","targetHints":{"allow":["GET"]}}],"collection":[{"href":"https:\/\/www.sec.mk\/sq\/wp-json\/wp\/v2\/pages"}],"about":[{"href":"https:\/\/www.sec.mk\/sq\/wp-json\/wp\/v2\/types\/page"}],"author":[{"embeddable":true,"href":"https:\/\/www.sec.mk\/sq\/wp-json\/wp\/v2\/users\/3"}],"replies":[{"embeddable":true,"href":"https:\/\/www.sec.mk\/sq\/wp-json\/wp\/v2\/comments?post=41120"}],"version-history":[{"count":21,"href":"https:\/\/www.sec.mk\/sq\/wp-json\/wp\/v2\/pages\/41120\/revisions"}],"predecessor-version":[{"id":43822,"href":"https:\/\/www.sec.mk\/sq\/wp-json\/wp\/v2\/pages\/41120\/revisions\/43822"}],"wp:attachment":[{"href":"https:\/\/www.sec.mk\/sq\/wp-json\/wp\/v2\/media?parent=41120"}],"curies":[{"name":"wp","href":"https:\/\/api.w.org\/{rel}","templated":true}]}}